{"id":523,"date":"2021-08-27T09:08:07","date_gmt":"2021-08-27T12:08:07","guid":{"rendered":"https:\/\/cuidamosdopaiva.com.br\/novosite\/?page_id=523"},"modified":"2022-05-03T15:55:23","modified_gmt":"2022-05-03T18:55:23","slug":"o-paiva","status":"publish","type":"page","link":"http:\/\/cuidamosdopaiva.com.br\/novosite\/o-paiva\/","title":{"rendered":"O Paiva"},"content":{"rendered":"\t\t<div data-elementor-type=\"wp-page\" data-elementor-id=\"523\" class=\"elementor elementor-523\">\n\t\t\t\t\t\t\t\t\t<section class=\"elementor-section elementor-top-section elementor-element elementor-element-7f5be97 elementor-section-boxed elementor-section-height-default elementor-section-height-default\" data-id=\"7f5be97\" data-element_type=\"section\">\n\t\t\t\t\t\t<div class=\"elementor-container elementor-column-gap-default\">\n\t\t\t\t\t<div class=\"elementor-column elementor-col-100 elementor-top-column elementor-element elementor-element-d41adbf\" data-id=\"d41adbf\" data-element_type=\"column\">\n\t\t\t<div class=\"elementor-widget-wrap elementor-element-populated\">\n\t\t\t\t\t\t\t\t<div class=\"elementor-element elementor-element-34cb0d3 elementor-widget elementor-widget-text-editor\" data-id=\"34cb0d3\" data-element_type=\"widget\" data-widget_type=\"text-editor.default\">\n\t\t\t\t<div class=\"elementor-widget-container\">\n\t\t\t<style>\/*! elementor - v3.14.0 - 26-06-2023 *\/\n.elementor-widget-text-editor.elementor-drop-cap-view-stacked .elementor-drop-cap{background-color:#69727d;color:#fff}.elementor-widget-text-editor.elementor-drop-cap-view-framed .elementor-drop-cap{color:#69727d;border:3px solid;background-color:transparent}.elementor-widget-text-editor:not(.elementor-drop-cap-view-default) .elementor-drop-cap{margin-top:8px}.elementor-widget-text-editor:not(.elementor-drop-cap-view-default) .elementor-drop-cap-letter{width:1em;height:1em}.elementor-widget-text-editor .elementor-drop-cap{float:left;text-align:center;line-height:1;font-size:50px}.elementor-widget-text-editor .elementor-drop-cap-letter{display:inline-block}<\/style>\t\t\t\t<p>A Reserva do Paiva \u00e9 o primeiro bairro planejado na Regi\u00e3o Metropolitana de Recife. O empreendimento compreende uma \u00e1rea total de 530 hectares, cercado de mata, rio e mar de \u00e1guas mornas, embelezado por recifes de corais.<\/p>\t\t\t\t\t\t<\/div>\n\t\t\t\t<\/div>\n\t\t\t\t\t<\/div>\n\t\t<\/div>\n\t\t\t\t\t\t\t<\/div>\n\t\t<\/section>\n\t\t\t\t<section class=\"elementor-section elementor-top-section elementor-element elementor-element-047d504 elementor-section-full_width elementor-section-height-default elementor-section-height-default\" data-id=\"047d504\" data-element_type=\"section\">\n\t\t\t\t\t\t<div class=\"elementor-container elementor-column-gap-no\">\n\t\t\t\t\t<div class=\"elementor-column elementor-col-100 elementor-top-column elementor-element elementor-element-469d47e\" data-id=\"469d47e\" data-element_type=\"column\">\n\t\t\t<div class=\"elementor-widget-wrap elementor-element-populated\">\n\t\t\t\t\t\t\t\t<section class=\"elementor-section elementor-inner-section elementor-element elementor-element-561b1e8 elementor-section-full_width elementor-section-height-default elementor-section-height-default\" data-id=\"561b1e8\" data-element_type=\"section\">\n\t\t\t\t\t\t\t<div class=\"elementor-background-overlay\"><\/div>\n\t\t\t\t\t\t\t<div class=\"elementor-container elementor-column-gap-no\">\n\t\t\t\t\t<div class=\"elementor-column elementor-col-100 elementor-inner-column elementor-element elementor-element-3ee1616\" data-id=\"3ee1616\" data-element_type=\"column\">\n\t\t\t<div class=\"elementor-widget-wrap\">\n\t\t\t\t\t\t\t\t\t<\/div>\n\t\t<\/div>\n\t\t\t\t\t\t\t<\/div>\n\t\t<\/section>\n\t\t\t\t\t<\/div>\n\t\t<\/div>\n\t\t\t\t\t\t\t<\/div>\n\t\t<\/section>\n\t\t\t\t<section class=\"elementor-section elementor-top-section elementor-element elementor-element-12051f9b elementor-section-content-middle elementor-section-boxed elementor-section-height-default elementor-section-height-default\" data-id=\"12051f9b\" data-element_type=\"section\" data-settings=\"{&quot;background_background&quot;:&quot;classic&quot;}\">\n\t\t\t\t\t\t\t<div class=\"elementor-background-overlay\"><\/div>\n\t\t\t\t\t\t\t<div class=\"elementor-container elementor-column-gap-default\">\n\t\t\t\t\t<div class=\"elementor-column elementor-col-100 elementor-top-column elementor-element elementor-element-6d52f5fd\" data-id=\"6d52f5fd\" data-element_type=\"column\">\n\t\t\t<div class=\"elementor-widget-wrap elementor-element-populated\">\n\t\t\t\t\t\t\t\t<section class=\"elementor-section elementor-inner-section elementor-element elementor-element-9b9a93f elementor-section-content-middle elementor-section-boxed elementor-section-height-default elementor-section-height-default\" data-id=\"9b9a93f\" data-element_type=\"section\">\n\t\t\t\t\t\t<div class=\"elementor-container elementor-column-gap-no\">\n\t\t\t\t\t<div class=\"elementor-column elementor-col-50 elementor-inner-column elementor-element elementor-element-38fb2b6\" data-id=\"38fb2b6\" data-element_type=\"column\">\n\t\t\t<div class=\"elementor-widget-wrap elementor-element-populated\">\n\t\t\t\t\t\t\t\t<div class=\"elementor-element elementor-element-0dee9e6 elementor-widget elementor-widget-text-editor\" data-id=\"0dee9e6\" data-element_type=\"widget\" data-widget_type=\"text-editor.default\">\n\t\t\t\t<div class=\"elementor-widget-container\">\n\t\t\t\t\t\t\t<p>O desenvolvimento do seu projeto considerou como premissa a preserva\u00e7\u00e3o de sua vegeta\u00e7\u00e3o natural, com consider\u00e1vel \u00e1rea de Mata Atl\u00e2ntica, constru\u00e7\u00f5es de baixo gabarito e amplas dist\u00e2ncias entre elas, parques p\u00fablicos, atendido por via principal com ciclovia e cal\u00e7ad\u00f5es.<\/p>\t\t\t\t\t\t<\/div>\n\t\t\t\t<\/div>\n\t\t\t\t\t<\/div>\n\t\t<\/div>\n\t\t\t\t<div class=\"elementor-column elementor-col-50 elementor-inner-column elementor-element elementor-element-aaeb3f4\" data-id=\"aaeb3f4\" data-element_type=\"column\">\n\t\t\t<div class=\"elementor-widget-wrap elementor-element-populated\">\n\t\t\t\t\t\t\t\t<div class=\"elementor-element elementor-element-cf5638d elementor-widget elementor-widget-image\" data-id=\"cf5638d\" data-element_type=\"widget\" data-widget_type=\"image.default\">\n\t\t\t\t<div class=\"elementor-widget-container\">\n\t\t\t<style>\/*! elementor - v3.14.0 - 26-06-2023 *\/\n.elementor-widget-image{text-align:center}.elementor-widget-image a{display:inline-block}.elementor-widget-image a img[src$=\".svg\"]{width:48px}.elementor-widget-image img{vertical-align:middle;display:inline-block}<\/style>\t\t\t\t\t\t\t\t\t\t\t\t<img loading=\"lazy\" decoding=\"async\" width=\"800\" height=\"480\" src=\"http:\/\/cuidamosdopaiva.com.br\/novosite\/wp-content\/uploads\/2021\/08\/02_Reserva.jpeg\" class=\"attachment-large size-large wp-image-529\" alt=\"\" srcset=\"http:\/\/cuidamosdopaiva.com.br\/novosite\/wp-content\/uploads\/2021\/08\/02_Reserva.jpeg 1000w, http:\/\/cuidamosdopaiva.com.br\/novosite\/wp-content\/uploads\/2021\/08\/02_Reserva-300x180.jpeg 300w, http:\/\/cuidamosdopaiva.com.br\/novosite\/wp-content\/uploads\/2021\/08\/02_Reserva-768x461.jpeg 768w\" sizes=\"auto, (max-width: 800px) 100vw, 800px\" \/>\t\t\t\t\t\t\t\t\t\t\t\t\t\t\t<\/div>\n\t\t\t\t<\/div>\n\t\t\t\t\t<\/div>\n\t\t<\/div>\n\t\t\t\t\t\t\t<\/div>\n\t\t<\/section>\n\t\t\t\t<section class=\"elementor-section elementor-inner-section elementor-element elementor-element-642addd elementor-section-content-middle elementor-section-boxed elementor-section-height-default elementor-section-height-default\" data-id=\"642addd\" data-element_type=\"section\">\n\t\t\t\t\t\t<div class=\"elementor-container elementor-column-gap-no\">\n\t\t\t\t\t<div class=\"elementor-column elementor-col-50 elementor-inner-column elementor-element elementor-element-37d5fb2\" data-id=\"37d5fb2\" data-element_type=\"column\">\n\t\t\t<div class=\"elementor-widget-wrap elementor-element-populated\">\n\t\t\t\t\t\t\t\t<div class=\"elementor-element elementor-element-dc0ec6b elementor-widget elementor-widget-image\" data-id=\"dc0ec6b\" data-element_type=\"widget\" data-widget_type=\"image.default\">\n\t\t\t\t<div class=\"elementor-widget-container\">\n\t\t\t\t\t\t\t\t\t\t\t\t\t\t\t<img loading=\"lazy\" decoding=\"async\" width=\"760\" height=\"456\" src=\"http:\/\/cuidamosdopaiva.com.br\/novosite\/wp-content\/uploads\/2021\/08\/03_Reserva.jpeg\" class=\"attachment-large size-large wp-image-531\" alt=\"\" srcset=\"http:\/\/cuidamosdopaiva.com.br\/novosite\/wp-content\/uploads\/2021\/08\/03_Reserva.jpeg 760w, http:\/\/cuidamosdopaiva.com.br\/novosite\/wp-content\/uploads\/2021\/08\/03_Reserva-300x180.jpeg 300w\" sizes=\"auto, (max-width: 760px) 100vw, 760px\" \/>\t\t\t\t\t\t\t\t\t\t\t\t\t\t\t<\/div>\n\t\t\t\t<\/div>\n\t\t\t\t\t<\/div>\n\t\t<\/div>\n\t\t\t\t<div class=\"elementor-column elementor-col-50 elementor-inner-column elementor-element elementor-element-932bfdf\" data-id=\"932bfdf\" data-element_type=\"column\">\n\t\t\t<div class=\"elementor-widget-wrap elementor-element-populated\">\n\t\t\t\t\t\t\t\t<div class=\"elementor-element elementor-element-8ae06f8 elementor-widget elementor-widget-text-editor\" data-id=\"8ae06f8\" data-element_type=\"widget\" data-widget_type=\"text-editor.default\">\n\t\t\t\t<div class=\"elementor-widget-container\">\n\t\t\t\t\t\t\t<p>Comprometido com o desenvolvimento sustent\u00e1vel local, o empreendimento adota medidas para a preserva\u00e7\u00e3o do meio ambiente em todas as etapas de constru\u00e7\u00e3o. Para neutralizar as emiss\u00f5es de CO2 nas obras, previu-se o plantio de milhares de mudas de \u00e1rvores. Incluiu-se tamb\u00e9m o emprego de materiais de constru\u00e7\u00e3o ecol\u00f3gicos e sistemas de reuso de \u00e1gua durante toda a constru\u00e7\u00e3o. Um empreendimento do Grupo Corn\u00e9lio Brennand e Grupo Ricardo Brennand.<\/p>\t\t\t\t\t\t<\/div>\n\t\t\t\t<\/div>\n\t\t\t\t\t<\/div>\n\t\t<\/div>\n\t\t\t\t\t\t\t<\/div>\n\t\t<\/section>\n\t\t\t\t<section class=\"elementor-section elementor-inner-section elementor-element elementor-element-1632e2e elementor-section-content-middle elementor-section-boxed elementor-section-height-default elementor-section-height-default\" data-id=\"1632e2e\" data-element_type=\"section\">\n\t\t\t\t\t\t<div class=\"elementor-container elementor-column-gap-no\">\n\t\t\t\t\t<div class=\"elementor-column elementor-col-50 elementor-inner-column elementor-element elementor-element-5f447ff\" data-id=\"5f447ff\" data-element_type=\"column\">\n\t\t\t<div class=\"elementor-widget-wrap elementor-element-populated\">\n\t\t\t\t\t\t\t\t<div class=\"elementor-element elementor-element-7c51ba7 elementor-widget elementor-widget-text-editor\" data-id=\"7c51ba7\" data-element_type=\"widget\" data-widget_type=\"text-editor.default\">\n\t\t\t\t<div class=\"elementor-widget-container\">\n\t\t\t\t\t\t\t<p>Governan\u00e7a do Destino: Todo o bairro \u00e9 coordenado pela Associa\u00e7\u00e3o Geral da Reserva do Paiva (AGRP), que atua em formato de governan\u00e7a. A Associa\u00e7\u00e3o Geral da Reserva do Paiva (AGRP) \u00e9 uma estrutura inovadora que tem o objetivo de zelar pelos interesses comuns do p\u00fablico e do privado. Ela foi criada para promover a organiza\u00e7\u00e3o da Reserva do Paiva e a integra\u00e7\u00e3o entre o empreendimento e as comunidades vizinhas. Atuando junto ao Poder P\u00fablico, preocupa-se em garantir a qualidade da infraestrutura do bairro, a efici\u00eancia dos servi\u00e7os comuns, a sustentabilidade socioambiental da regi\u00e3o e a boa conviv\u00eancia da popula\u00e7\u00e3o local.<\/p>\t\t\t\t\t\t<\/div>\n\t\t\t\t<\/div>\n\t\t\t\t\t<\/div>\n\t\t<\/div>\n\t\t\t\t<div class=\"elementor-column elementor-col-50 elementor-inner-column elementor-element elementor-element-cdc2068\" data-id=\"cdc2068\" data-element_type=\"column\">\n\t\t\t<div class=\"elementor-widget-wrap elementor-element-populated\">\n\t\t\t\t\t\t\t\t<div class=\"elementor-element elementor-element-8d8381a elementor-widget elementor-widget-image\" data-id=\"8d8381a\" data-element_type=\"widget\" data-widget_type=\"image.default\">\n\t\t\t\t<div class=\"elementor-widget-container\">\n\t\t\t\t\t\t\t\t\t\t\t\t\t\t\t<img loading=\"lazy\" decoding=\"async\" width=\"800\" height=\"534\" src=\"http:\/\/cuidamosdopaiva.com.br\/novosite\/wp-content\/uploads\/2021\/11\/MG_7539-1024x683.jpg\" class=\"attachment-large size-large wp-image-804\" alt=\"\" srcset=\"http:\/\/cuidamosdopaiva.com.br\/novosite\/wp-content\/uploads\/2021\/11\/MG_7539-1024x683.jpg 1024w, http:\/\/cuidamosdopaiva.com.br\/novosite\/wp-content\/uploads\/2021\/11\/MG_7539-300x200.jpg 300w, http:\/\/cuidamosdopaiva.com.br\/novosite\/wp-content\/uploads\/2021\/11\/MG_7539-768x512.jpg 768w, http:\/\/cuidamosdopaiva.com.br\/novosite\/wp-content\/uploads\/2021\/11\/MG_7539-1536x1024.jpg 1536w, http:\/\/cuidamosdopaiva.com.br\/novosite\/wp-content\/uploads\/2021\/11\/MG_7539-2048x1365.jpg 2048w, http:\/\/cuidamosdopaiva.com.br\/novosite\/wp-content\/uploads\/2021\/11\/MG_7539-1568x1045.jpg 1568w\" sizes=\"auto, (max-width: 800px) 100vw, 800px\" \/>\t\t\t\t\t\t\t\t\t\t\t\t\t\t\t<\/div>\n\t\t\t\t<\/div>\n\t\t\t\t\t<\/div>\n\t\t<\/div>\n\t\t\t\t\t\t\t<\/div>\n\t\t<\/section>\n\t\t\t\t<section class=\"elementor-section elementor-inner-section elementor-element elementor-element-00e28d4 elementor-section-full_width elementor-section-height-default elementor-section-height-default\" data-id=\"00e28d4\" data-element_type=\"section\">\n\t\t\t\t\t\t\t<div class=\"elementor-background-overlay\"><\/div>\n\t\t\t\t\t\t\t<div class=\"elementor-container elementor-column-gap-no\">\n\t\t\t\t\t<div class=\"elementor-column elementor-col-100 elementor-inner-column elementor-element elementor-element-6c7d78d\" data-id=\"6c7d78d\" data-element_type=\"column\">\n\t\t\t<div class=\"elementor-widget-wrap\">\n\t\t\t\t\t\t\t\t\t<\/div>\n\t\t<\/div>\n\t\t\t\t\t\t\t<\/div>\n\t\t<\/section>\n\t\t\t\t\t<\/div>\n\t\t<\/div>\n\t\t\t\t\t\t\t<\/div>\n\t\t<\/section>\n\t\t\t\t<section class=\"elementor-section elementor-top-section elementor-element elementor-element-f6f9609 elementor-section-boxed elementor-section-height-default elementor-section-height-default\" data-id=\"f6f9609\" data-element_type=\"section\">\n\t\t\t\t\t\t\t<div class=\"elementor-background-overlay\"><\/div>\n\t\t\t\t\t\t\t<div class=\"elementor-container elementor-column-gap-default\">\n\t\t\t\t\t<div class=\"elementor-column elementor-col-100 elementor-top-column elementor-element elementor-element-59068523\" data-id=\"59068523\" data-element_type=\"column\">\n\t\t\t<div class=\"elementor-widget-wrap elementor-element-populated\">\n\t\t\t\t\t\t\t\t<div class=\"elementor-element elementor-element-ee06fc9 elementor-widget elementor-widget-text-editor\" data-id=\"ee06fc9\" data-element_type=\"widget\" data-widget_type=\"text-editor.default\">\n\t\t\t\t<div class=\"elementor-widget-container\">\n\t\t\t\t\t\t\t<div id=\":190\" class=\"Ar Au Ao\"><div id=\":18w\" class=\"Am Al editable LW-avf tS-tW tS-tY\" tabindex=\"1\" role=\"textbox\" contenteditable=\"true\" spellcheck=\"false\" aria-label=\"Corpo da mensagem\" aria-multiline=\"true\"><p><strong>Caracter\u00edsticas<\/strong><\/p><p>\u00c1reas verdes: 126 hectares<br \/>8.5 km de praias<br \/>200 hectares de Mata Atl\u00e2ntica preservada<br \/>Apenas a 15 km do Aeroporto Internacional dos Guararapes<\/p><p>\u00a0<\/p><p><strong>Localiza\u00e7\u00e3o<\/strong><\/p><p>A Reserva do Paiva est\u00e1 localizada a apenas 15 km do Aeroporto Internacional dos Guararapes e equidistante do bairro de Boa Viagem, importante centro urbano do Recife, e do complexo de Suape, principal polo industrial do Estado. Os seus lan\u00e7amentos imobili\u00e1rios t\u00eam atra\u00eddo moradores locais exigentes e posicionado o bairro como um local de alta qualidade de vida na regi\u00e3o.<\/p><\/div><\/div>\t\t\t\t\t\t<\/div>\n\t\t\t\t<\/div>\n\t\t\t\t\t<\/div>\n\t\t<\/div>\n\t\t\t\t\t\t\t<\/div>\n\t\t<\/section>\n\t\t\t\t<section class=\"elementor-section elementor-top-section elementor-element elementor-element-11071da elementor-section-boxed elementor-section-height-default elementor-section-height-default\" data-id=\"11071da\" data-element_type=\"section\">\n\t\t\t\t\t\t<div class=\"elementor-container elementor-column-gap-default\">\n\t\t\t\t\t<div class=\"elementor-column elementor-col-100 elementor-top-column elementor-element elementor-element-40b9b42\" data-id=\"40b9b42\" data-element_type=\"column\">\n\t\t\t<div class=\"elementor-widget-wrap elementor-element-populated\">\n\t\t\t\t\t\t\t\t<section class=\"elementor-section elementor-inner-section elementor-element elementor-element-4b427ab elementor-section-content-middle elementor-section-boxed elementor-section-height-default elementor-section-height-default\" data-id=\"4b427ab\" data-element_type=\"section\">\n\t\t\t\t\t\t<div class=\"elementor-container elementor-column-gap-no\">\n\t\t\t\t\t<div class=\"elementor-column elementor-col-50 elementor-inner-column elementor-element elementor-element-abab118\" data-id=\"abab118\" data-element_type=\"column\">\n\t\t\t<div class=\"elementor-widget-wrap elementor-element-populated\">\n\t\t\t\t\t\t\t\t<div class=\"elementor-element elementor-element-34fe544 elementor-widget elementor-widget-image\" data-id=\"34fe544\" data-element_type=\"widget\" data-widget_type=\"image.default\">\n\t\t\t\t<div class=\"elementor-widget-container\">\n\t\t\t\t\t\t\t\t\t\t\t\t\t\t\t<img loading=\"lazy\" decoding=\"async\" width=\"760\" height=\"456\" src=\"http:\/\/cuidamosdopaiva.com.br\/novosite\/wp-content\/uploads\/2021\/08\/06_Reserva.jpeg\" class=\"attachment-large size-large wp-image-537\" alt=\"\" srcset=\"http:\/\/cuidamosdopaiva.com.br\/novosite\/wp-content\/uploads\/2021\/08\/06_Reserva.jpeg 760w, http:\/\/cuidamosdopaiva.com.br\/novosite\/wp-content\/uploads\/2021\/08\/06_Reserva-300x180.jpeg 300w\" sizes=\"auto, (max-width: 760px) 100vw, 760px\" \/>\t\t\t\t\t\t\t\t\t\t\t\t\t\t\t<\/div>\n\t\t\t\t<\/div>\n\t\t\t\t\t<\/div>\n\t\t<\/div>\n\t\t\t\t<div class=\"elementor-column elementor-col-50 elementor-inner-column elementor-element elementor-element-cb7fe48\" data-id=\"cb7fe48\" data-element_type=\"column\">\n\t\t\t<div class=\"elementor-widget-wrap elementor-element-populated\">\n\t\t\t\t\t\t\t\t<div class=\"elementor-element elementor-element-ad868c1 elementor-widget elementor-widget-text-editor\" data-id=\"ad868c1\" data-element_type=\"widget\" data-widget_type=\"text-editor.default\">\n\t\t\t\t<div class=\"elementor-widget-container\">\n\t\t\t\t\t\t\t<p><strong>Legado<\/strong><br \/><br \/>A Reserva do Paiva assumiu compromisso com a sustentabilidade da regi\u00e3o, dessa forma, adota o equil\u00edbrio entre as constru\u00e7\u00f5es e o ambiente em que est\u00e3o inseridas, com formas mais horizontais e baixo adensamento, valorizando \u00e1reas verdes com projetos arquitet\u00f4nicos que favorecem a ventila\u00e7\u00e3o cruzada, o aproveitamento da ilumina\u00e7\u00e3o natural, o uso racional de \u00e1gua e energia.<\/p>\t\t\t\t\t\t<\/div>\n\t\t\t\t<\/div>\n\t\t\t\t\t<\/div>\n\t\t<\/div>\n\t\t\t\t\t\t\t<\/div>\n\t\t<\/section>\n\t\t\t\t<section class=\"elementor-section elementor-inner-section elementor-element elementor-element-39791e5 elementor-section-content-middle elementor-section-boxed elementor-section-height-default elementor-section-height-default\" data-id=\"39791e5\" data-element_type=\"section\">\n\t\t\t\t\t\t<div class=\"elementor-container elementor-column-gap-no\">\n\t\t\t\t\t<div class=\"elementor-column elementor-col-50 elementor-inner-column elementor-element elementor-element-8ad5e9b\" data-id=\"8ad5e9b\" data-element_type=\"column\">\n\t\t\t<div class=\"elementor-widget-wrap elementor-element-populated\">\n\t\t\t\t\t\t\t\t<div class=\"elementor-element elementor-element-454e69e elementor-widget elementor-widget-image\" data-id=\"454e69e\" data-element_type=\"widget\" data-widget_type=\"image.default\">\n\t\t\t\t<div class=\"elementor-widget-container\">\n\t\t\t\t\t\t\t\t\t\t\t\t\t\t\t<img loading=\"lazy\" decoding=\"async\" width=\"720\" height=\"480\" src=\"http:\/\/cuidamosdopaiva.com.br\/novosite\/wp-content\/uploads\/2021\/08\/07_Reserva.jpeg\" class=\"attachment-large size-large wp-image-538\" alt=\"\" srcset=\"http:\/\/cuidamosdopaiva.com.br\/novosite\/wp-content\/uploads\/2021\/08\/07_Reserva.jpeg 720w, http:\/\/cuidamosdopaiva.com.br\/novosite\/wp-content\/uploads\/2021\/08\/07_Reserva-300x200.jpeg 300w\" sizes=\"auto, (max-width: 720px) 100vw, 720px\" \/>\t\t\t\t\t\t\t\t\t\t\t\t\t\t\t<\/div>\n\t\t\t\t<\/div>\n\t\t\t\t\t<\/div>\n\t\t<\/div>\n\t\t\t\t<div class=\"elementor-column elementor-col-50 elementor-inner-column elementor-element elementor-element-5c4d3e4\" data-id=\"5c4d3e4\" data-element_type=\"column\">\n\t\t\t<div class=\"elementor-widget-wrap elementor-element-populated\">\n\t\t\t\t\t\t\t\t<div class=\"elementor-element elementor-element-07fcc23 elementor-widget elementor-widget-text-editor\" data-id=\"07fcc23\" data-element_type=\"widget\" data-widget_type=\"text-editor.default\">\n\t\t\t\t<div class=\"elementor-widget-container\">\n\t\t\t\t\t\t\t<p>E atrav\u00e9s da AGRP, o destino dever\u00e1 se constituir numa refer\u00eancia de inova\u00e7\u00e3o social, atendendo, inclusive, os novos referenciais de Responsabilidade Social Empresarial da ISO 26000, que contemplam o compromisso com o desenvolvimento socioecon\u00f4mico do territ\u00f3rio. Os programas sociais existentes contribuem para o desenvolvimento local sustent\u00e1vel na Reserva do Paiva e adjac\u00eancias, buscando a gest\u00e3o compartilhada, a melhoria das condi\u00e7\u00f5es de vida, da ocupa\u00e7\u00e3o e da renda de comunidades do territ\u00f3rio.<\/p>\t\t\t\t\t\t<\/div>\n\t\t\t\t<\/div>\n\t\t\t\t\t<\/div>\n\t\t<\/div>\n\t\t\t\t\t\t\t<\/div>\n\t\t<\/section>\n\t\t\t\t\t<\/div>\n\t\t<\/div>\n\t\t\t\t\t\t\t<\/div>\n\t\t<\/section>\n\t\t\t\t<section class=\"elementor-section elementor-top-section elementor-element elementor-element-c8c5b01 elementor-section-boxed elementor-section-height-default elementor-section-height-default\" data-id=\"c8c5b01\" data-element_type=\"section\">\n\t\t\t\t\t\t<div class=\"elementor-container elementor-column-gap-default\">\n\t\t\t\t\t<div class=\"elementor-column elementor-col-100 elementor-top-column elementor-element elementor-element-39382e9\" data-id=\"39382e9\" data-element_type=\"column\">\n\t\t\t<div class=\"elementor-widget-wrap elementor-element-populated\">\n\t\t\t\t\t\t\t\t<div class=\"elementor-element elementor-element-1ee725d elementor-widget elementor-widget-toggle\" data-id=\"1ee725d\" data-element_type=\"widget\" data-widget_type=\"toggle.default\">\n\t\t\t\t<div class=\"elementor-widget-container\">\n\t\t\t<style>\/*! elementor - v3.14.0 - 26-06-2023 *\/\n.elementor-toggle{text-align:left}.elementor-toggle .elementor-tab-title{font-weight:700;line-height:1;margin:0;padding:15px;border-bottom:1px solid #d5d8dc;cursor:pointer;outline:none}.elementor-toggle .elementor-tab-title .elementor-toggle-icon{display:inline-block;width:1em}.elementor-toggle .elementor-tab-title .elementor-toggle-icon svg{-webkit-margin-start:-5px;margin-inline-start:-5px;width:1em;height:1em}.elementor-toggle .elementor-tab-title .elementor-toggle-icon.elementor-toggle-icon-right{float:right;text-align:right}.elementor-toggle .elementor-tab-title .elementor-toggle-icon.elementor-toggle-icon-left{float:left;text-align:left}.elementor-toggle .elementor-tab-title .elementor-toggle-icon .elementor-toggle-icon-closed{display:block}.elementor-toggle .elementor-tab-title .elementor-toggle-icon .elementor-toggle-icon-opened{display:none}.elementor-toggle .elementor-tab-title.elementor-active{border-bottom:none}.elementor-toggle .elementor-tab-title.elementor-active .elementor-toggle-icon-closed{display:none}.elementor-toggle .elementor-tab-title.elementor-active .elementor-toggle-icon-opened{display:block}.elementor-toggle .elementor-tab-content{padding:15px;border-bottom:1px solid #d5d8dc;display:none}@media (max-width:767px){.elementor-toggle .elementor-tab-title{padding:12px}.elementor-toggle .elementor-tab-content{padding:12px 10px}}.e-con-inner>.elementor-widget-toggle,.e-con>.elementor-widget-toggle{width:var(--container-widget-width);--flex-grow:var(--container-widget-flex-grow)}<\/style>\t\t<div class=\"elementor-toggle\">\n\t\t\t\t\t\t\t<div class=\"elementor-toggle-item\">\n\t\t\t\t\t<div id=\"elementor-tab-title-3241\" class=\"elementor-tab-title\" data-tab=\"1\" role=\"button\" aria-controls=\"elementor-tab-content-3241\" aria-expanded=\"false\">\n\t\t\t\t\t\t\t\t\t\t\t\t<span class=\"elementor-toggle-icon elementor-toggle-icon-left\" aria-hidden=\"true\">\n\t\t\t\t\t\t\t\t\t\t\t\t\t\t\t<span class=\"elementor-toggle-icon-closed\"><i class=\"fas fa-caret-right\"><\/i><\/span>\n\t\t\t\t\t\t\t\t<span class=\"elementor-toggle-icon-opened\"><i class=\"elementor-toggle-icon-opened fas fa-caret-up\"><\/i><\/span>\n\t\t\t\t\t\t\t\t\t\t\t\t\t<\/span>\n\t\t\t\t\t\t\t\t\t\t\t\t<a class=\"elementor-toggle-title\" tabindex=\"0\">APENAS 15KM DO AEROPORTO<\/a>\n\t\t\t\t\t<\/div>\n\n\t\t\t\t\t<div id=\"elementor-tab-content-3241\" class=\"elementor-tab-content elementor-clearfix\" data-tab=\"1\" role=\"region\" aria-labelledby=\"elementor-tab-title-3241\"><p><img loading=\"lazy\" decoding=\"async\" class=\"wp-image-526 size-full alignright\" src=\"https:\/\/cuidamosdopaiva.com.br\/novosite\/wp-content\/uploads\/2021\/08\/01_drop_localizacao.jpeg\" alt=\"\" width=\"760\" height=\"390\" srcset=\"http:\/\/cuidamosdopaiva.com.br\/novosite\/wp-content\/uploads\/2021\/08\/01_drop_localizacao.jpeg 760w, http:\/\/cuidamosdopaiva.com.br\/novosite\/wp-content\/uploads\/2021\/08\/01_drop_localizacao-300x154.jpeg 300w\" sizes=\"auto, (max-width: 760px) 100vw, 760px\" \/>Com dist\u00e2ncia de apenas 15 km do Aeroporto Internacional dos Guararapes\/Gilberto Freyre, e aproximando o munic\u00edpio de Jaboat\u00e3o dos Guararapes do Complexo Industrial e Portu\u00e1rio de Suape, a Reserva do Paiva est\u00e1 em perfeita harmonia com a exuberante paisagem natural do litoral sul do Estado \u2013\u00e1rea de 526 hectares com uma faixa de 8,5 Km de praias e 200 hectares de Mata Atl\u00e2ntica preservada.<\/p><\/div>\n\t\t\t\t<\/div>\n\t\t\t\t\t\t\t<div class=\"elementor-toggle-item\">\n\t\t\t\t\t<div id=\"elementor-tab-title-3242\" class=\"elementor-tab-title\" data-tab=\"2\" role=\"button\" aria-controls=\"elementor-tab-content-3242\" aria-expanded=\"false\">\n\t\t\t\t\t\t\t\t\t\t\t\t<span class=\"elementor-toggle-icon elementor-toggle-icon-left\" aria-hidden=\"true\">\n\t\t\t\t\t\t\t\t\t\t\t\t\t\t\t<span class=\"elementor-toggle-icon-closed\"><i class=\"fas fa-caret-right\"><\/i><\/span>\n\t\t\t\t\t\t\t\t<span class=\"elementor-toggle-icon-opened\"><i class=\"elementor-toggle-icon-opened fas fa-caret-up\"><\/i><\/span>\n\t\t\t\t\t\t\t\t\t\t\t\t\t<\/span>\n\t\t\t\t\t\t\t\t\t\t\t\t<a class=\"elementor-toggle-title\" tabindex=\"0\">O NOVO BAIRRO DA REGI\u00c3O METROPOLITANA DO RECIFE<\/a>\n\t\t\t\t\t<\/div>\n\n\t\t\t\t\t<div id=\"elementor-tab-content-3242\" class=\"elementor-tab-content elementor-clearfix\" data-tab=\"2\" role=\"region\" aria-labelledby=\"elementor-tab-title-3242\"><p><img loading=\"lazy\" decoding=\"async\" class=\"wp-image-528 size-full alignright\" src=\"https:\/\/cuidamosdopaiva.com.br\/novosite\/wp-content\/uploads\/2021\/08\/02_drop_novo_bairro.jpeg\" alt=\"\" width=\"590\" height=\"394\" srcset=\"http:\/\/cuidamosdopaiva.com.br\/novosite\/wp-content\/uploads\/2021\/08\/02_drop_novo_bairro.jpeg 590w, http:\/\/cuidamosdopaiva.com.br\/novosite\/wp-content\/uploads\/2021\/08\/02_drop_novo_bairro-300x200.jpeg 300w\" sizes=\"auto, (max-width: 590px) 100vw, 590px\" \/>Seus limites geogr\u00e1ficos s\u00e3o de um lado o rio Jaboat\u00e3o e Barra de Jangada, no munic\u00edpio de Jaboat\u00e3o dos Guararapes, e do outro as praias de Itapuama, Xar\u00e9u, Gaibu e Enseada, no Cabo de Santo Agostinho. Com residenciais entregues e com empresariais, hotel cinco estrelas e open mall, sua estrutura integra natureza, conforto e sofistica\u00e7\u00e3o.<\/p><\/div>\n\t\t\t\t<\/div>\n\t\t\t\t\t\t\t<div class=\"elementor-toggle-item\">\n\t\t\t\t\t<div id=\"elementor-tab-title-3243\" class=\"elementor-tab-title\" data-tab=\"3\" role=\"button\" aria-controls=\"elementor-tab-content-3243\" aria-expanded=\"false\">\n\t\t\t\t\t\t\t\t\t\t\t\t<span class=\"elementor-toggle-icon elementor-toggle-icon-left\" aria-hidden=\"true\">\n\t\t\t\t\t\t\t\t\t\t\t\t\t\t\t<span class=\"elementor-toggle-icon-closed\"><i class=\"fas fa-caret-right\"><\/i><\/span>\n\t\t\t\t\t\t\t\t<span class=\"elementor-toggle-icon-opened\"><i class=\"elementor-toggle-icon-opened fas fa-caret-up\"><\/i><\/span>\n\t\t\t\t\t\t\t\t\t\t\t\t\t<\/span>\n\t\t\t\t\t\t\t\t\t\t\t\t<a class=\"elementor-toggle-title\" tabindex=\"0\">COMPROMISSO COM A SUSTENTABILIDADE<\/a>\n\t\t\t\t\t<\/div>\n\n\t\t\t\t\t<div id=\"elementor-tab-content-3243\" class=\"elementor-tab-content elementor-clearfix\" data-tab=\"3\" role=\"region\" aria-labelledby=\"elementor-tab-title-3243\"><p><img loading=\"lazy\" decoding=\"async\" class=\"wp-image-530 size-full alignright\" src=\"https:\/\/cuidamosdopaiva.com.br\/novosite\/wp-content\/uploads\/2021\/08\/03_drop_sustentabilidade.jpeg\" alt=\"\" width=\"760\" height=\"456\" srcset=\"http:\/\/cuidamosdopaiva.com.br\/novosite\/wp-content\/uploads\/2021\/08\/03_drop_sustentabilidade.jpeg 760w, http:\/\/cuidamosdopaiva.com.br\/novosite\/wp-content\/uploads\/2021\/08\/03_drop_sustentabilidade-300x180.jpeg 300w\" sizes=\"auto, (max-width: 760px) 100vw, 760px\" \/>Por prezar pela qualidade de vida dos moradores e do meio ambiente, a Reserva do Paiva assumiu compromisso com a sustentabilidade da regi\u00e3o. Dessa forma adota o equil\u00edbrio entre as constru\u00e7\u00f5es e o ambiente em que est\u00e3o inseridas, com formas mais horizontais e baixo adensamento, valorizando \u00e1reas verdes com projetos arquitet\u00f4nicos que favorecem a ventila\u00e7\u00e3o cruzada, o aproveitamento da ilumina\u00e7\u00e3o natural, o uso racional de \u00e1gua e energia. Al\u00e9m disso, a infraestrutura de lazer condominial, desvinculada das edifica\u00e7\u00f5es privadas, preserva a privacidade e promove um conforto ambiental e visual diferenciados.<\/p><\/div>\n\t\t\t\t<\/div>\n\t\t\t\t\t\t\t<div class=\"elementor-toggle-item\">\n\t\t\t\t\t<div id=\"elementor-tab-title-3244\" class=\"elementor-tab-title\" data-tab=\"4\" role=\"button\" aria-controls=\"elementor-tab-content-3244\" aria-expanded=\"false\">\n\t\t\t\t\t\t\t\t\t\t\t\t<span class=\"elementor-toggle-icon elementor-toggle-icon-left\" aria-hidden=\"true\">\n\t\t\t\t\t\t\t\t\t\t\t\t\t\t\t<span class=\"elementor-toggle-icon-closed\"><i class=\"fas fa-caret-right\"><\/i><\/span>\n\t\t\t\t\t\t\t\t<span class=\"elementor-toggle-icon-opened\"><i class=\"elementor-toggle-icon-opened fas fa-caret-up\"><\/i><\/span>\n\t\t\t\t\t\t\t\t\t\t\t\t\t<\/span>\n\t\t\t\t\t\t\t\t\t\t\t\t<a class=\"elementor-toggle-title\" tabindex=\"0\">BAIRRO PLANEJADO<\/a>\n\t\t\t\t\t<\/div>\n\n\t\t\t\t\t<div id=\"elementor-tab-content-3244\" class=\"elementor-tab-content elementor-clearfix\" data-tab=\"4\" role=\"region\" aria-labelledby=\"elementor-tab-title-3244\"><p><img loading=\"lazy\" decoding=\"async\" class=\"wp-image-532 size-full alignright\" src=\"https:\/\/cuidamosdopaiva.com.br\/novosite\/wp-content\/uploads\/2021\/08\/04_drop_bairro_planejado.jpeg\" alt=\"\" width=\"760\" height=\"456\" srcset=\"http:\/\/cuidamosdopaiva.com.br\/novosite\/wp-content\/uploads\/2021\/08\/04_drop_bairro_planejado.jpeg 760w, http:\/\/cuidamosdopaiva.com.br\/novosite\/wp-content\/uploads\/2021\/08\/04_drop_bairro_planejado-300x180.jpeg 300w\" sizes=\"auto, (max-width: 760px) 100vw, 760px\" \/>Sendo um marco de planejamento urbano na Regi\u00e3o Metropolitana do Recife, a Reserva do Paiva est\u00e1 integrada ao exuberante cen\u00e1rio do litoral sul do Estado. Valorizando o contexto natural da regi\u00e3o e a qualidade urbana com baixo adensamento, os residenciais do bairro se integram de maneira harmoniosa ao ambiente por meio de constru\u00e7\u00f5es que privilegiam amplas \u00e1reas verdes entre as edifica\u00e7\u00f5es, aproveitam ventila\u00e7\u00e3o e ilumina\u00e7\u00e3o natural, utilizam racionalmente \u00e1gua e energia. Com o j\u00e1 reconhecido Padr\u00e3o Reserva do Paiva, os residenciais possuem boa acessibilidade e estruturas de lazer amplas e completamente equipadas, que preservam a privacidade e promovem conforto ambiental e visual diferenciados. Todo o bairro \u00e9 coordenado pela Associa\u00e7\u00e3o Geral da Reserva do Paiva (AGRP), que atua em formato de governan\u00e7a.<\/p><\/div>\n\t\t\t\t<\/div>\n\t\t\t\t\t\t\t<div class=\"elementor-toggle-item\">\n\t\t\t\t\t<div id=\"elementor-tab-title-3245\" class=\"elementor-tab-title\" data-tab=\"5\" role=\"button\" aria-controls=\"elementor-tab-content-3245\" aria-expanded=\"false\">\n\t\t\t\t\t\t\t\t\t\t\t\t<span class=\"elementor-toggle-icon elementor-toggle-icon-left\" aria-hidden=\"true\">\n\t\t\t\t\t\t\t\t\t\t\t\t\t\t\t<span class=\"elementor-toggle-icon-closed\"><i class=\"fas fa-caret-right\"><\/i><\/span>\n\t\t\t\t\t\t\t\t<span class=\"elementor-toggle-icon-opened\"><i class=\"elementor-toggle-icon-opened fas fa-caret-up\"><\/i><\/span>\n\t\t\t\t\t\t\t\t\t\t\t\t\t<\/span>\n\t\t\t\t\t\t\t\t\t\t\t\t<a class=\"elementor-toggle-title\" tabindex=\"0\">NEM TODA ROTINA TEM QUE SER IGUAL<\/a>\n\t\t\t\t\t<\/div>\n\n\t\t\t\t\t<div id=\"elementor-tab-content-3245\" class=\"elementor-tab-content elementor-clearfix\" data-tab=\"5\" role=\"region\" aria-labelledby=\"elementor-tab-title-3245\"><p><img loading=\"lazy\" decoding=\"async\" class=\"wp-image-534 size-full alignright\" src=\"https:\/\/cuidamosdopaiva.com.br\/novosite\/wp-content\/uploads\/2021\/08\/05_drop_nem-toda_rotina.jpeg\" alt=\"\" width=\"760\" height=\"428\" srcset=\"http:\/\/cuidamosdopaiva.com.br\/novosite\/wp-content\/uploads\/2021\/08\/05_drop_nem-toda_rotina.jpeg 760w, http:\/\/cuidamosdopaiva.com.br\/novosite\/wp-content\/uploads\/2021\/08\/05_drop_nem-toda_rotina-300x169.jpeg 300w\" sizes=\"auto, (max-width: 760px) 100vw, 760px\" \/>Um Bairro que j\u00e1 nasceu planejado s\u00f3 podia oferecer a voc\u00ea o melhor em mobilidade e acessibilidade. Por isso, tudo dentro da Reserva do Paiva fica pertinho e \u00e9 f\u00e1cil de fazer. Lazer, servi\u00e7os e neg\u00f3cios est\u00e3o sempre ao seu alcance. At\u00e9 mesmo na bike ou em uma caminhada.<\/p><\/div>\n\t\t\t\t<\/div>\n\t\t\t\t\t\t\t<div class=\"elementor-toggle-item\">\n\t\t\t\t\t<div id=\"elementor-tab-title-3246\" class=\"elementor-tab-title\" data-tab=\"6\" role=\"button\" aria-controls=\"elementor-tab-content-3246\" aria-expanded=\"false\">\n\t\t\t\t\t\t\t\t\t\t\t\t<span class=\"elementor-toggle-icon elementor-toggle-icon-left\" aria-hidden=\"true\">\n\t\t\t\t\t\t\t\t\t\t\t\t\t\t\t<span class=\"elementor-toggle-icon-closed\"><i class=\"fas fa-caret-right\"><\/i><\/span>\n\t\t\t\t\t\t\t\t<span class=\"elementor-toggle-icon-opened\"><i class=\"elementor-toggle-icon-opened fas fa-caret-up\"><\/i><\/span>\n\t\t\t\t\t\t\t\t\t\t\t\t\t<\/span>\n\t\t\t\t\t\t\t\t\t\t\t\t<a class=\"elementor-toggle-title\" tabindex=\"0\">UM MUNDO CONECTADO COM O DESENVOLVIMENTO DE PERNAMBUCO<\/a>\n\t\t\t\t\t<\/div>\n\n\t\t\t\t\t<div id=\"elementor-tab-content-3246\" class=\"elementor-tab-content elementor-clearfix\" data-tab=\"6\" role=\"region\" aria-labelledby=\"elementor-tab-title-3246\"><p><img loading=\"lazy\" decoding=\"async\" class=\"wp-image-536 size-full alignright\" src=\"https:\/\/cuidamosdopaiva.com.br\/novosite\/wp-content\/uploads\/2021\/08\/06_drop_mundo_conectado.jpeg\" alt=\"\" width=\"760\" height=\"456\" srcset=\"http:\/\/cuidamosdopaiva.com.br\/novosite\/wp-content\/uploads\/2021\/08\/06_drop_mundo_conectado.jpeg 760w, http:\/\/cuidamosdopaiva.com.br\/novosite\/wp-content\/uploads\/2021\/08\/06_drop_mundo_conectado-300x180.jpeg 300w\" sizes=\"auto, (max-width: 760px) 100vw, 760px\" \/>Uma infraestrutura empresarial completa com o Novo Mundo Empresarial e o Mall com diversas op\u00e7\u00f5es de servi\u00e7os, na Reserva do Paiva o ambiente de trabalho preza pelo harm\u00f4nico conv\u00edvio com a natureza. Dessa forma, \u00e9 poss\u00edvel descansar a vista contemplando a praia, o rio ou mesmo a mata, pelas janelas das salas corporativas. Cen\u00e1rio \u00fanico que reflete em maior qualidade de vida no trabalho.<\/p><\/div>\n\t\t\t\t<\/div>\n\t\t\t\t\t\t\t\t<\/div>\n\t\t\t\t<\/div>\n\t\t\t\t<\/div>\n\t\t\t\t\t<\/div>\n\t\t<\/div>\n\t\t\t\t\t\t\t<\/div>\n\t\t<\/section>\n\t\t\t\t\t\t\t<\/div>\n\t\t","protected":false},"excerpt":{"rendered":"<p>A Reserva do Paiva \u00e9 o primeiro bairro planejado na Regi\u00e3o Metropolitana de Recife. O empreendimento compreende uma \u00e1rea total de 530 hectares, cercado de mata, rio e mar de \u00e1guas mornas, embelezado por recifes de corais. O desenvolvimento do seu projeto considerou como premissa a preserva\u00e7\u00e3o de sua vegeta\u00e7\u00e3o natural, com consider\u00e1vel \u00e1rea de [&hellip;]<\/p>\n","protected":false},"author":1,"featured_media":143,"parent":0,"menu_order":0,"comment_status":"closed","ping_status":"closed","template":"elementor_header_footer","meta":{"_mi_skip_tracking":false,"_monsterinsights_sitenote_active":false,"_monsterinsights_sitenote_note":"","_monsterinsights_sitenote_category":0,"footnotes":""},"class_list":["post-523","page","type-page","status-publish","has-post-thumbnail","hentry"],"yoast_head":"<!-- This site is optimized with the Yoast SEO plugin v21.8 - https:\/\/yoast.com\/wordpress\/plugins\/seo\/ -->\n<title>O Paiva - AGRP - Cuidamos do Paiva<\/title>\n<meta name=\"robots\" content=\"index, follow, max-snippet:-1, max-image-preview:large, max-video-preview:-1\" \/>\n<link rel=\"canonical\" href=\"http:\/\/cuidamosdopaiva.com.br\/novosite\/o-paiva\/\" \/>\n<meta property=\"og:locale\" content=\"pt_BR\" \/>\n<meta property=\"og:type\" content=\"article\" \/>\n<meta property=\"og:title\" content=\"O Paiva - AGRP - Cuidamos do Paiva\" \/>\n<meta property=\"og:description\" content=\"A Reserva do Paiva \u00e9 o primeiro bairro planejado na Regi\u00e3o Metropolitana de Recife. O empreendimento compreende uma \u00e1rea total de 530 hectares, cercado de mata, rio e mar de \u00e1guas mornas, embelezado por recifes de corais. O desenvolvimento do seu projeto considerou como premissa a preserva\u00e7\u00e3o de sua vegeta\u00e7\u00e3o natural, com consider\u00e1vel \u00e1rea de [&hellip;]\" \/>\n<meta property=\"og:url\" content=\"http:\/\/cuidamosdopaiva.com.br\/novosite\/o-paiva\/\" \/>\n<meta property=\"og:site_name\" content=\"AGRP - Cuidamos do Paiva\" \/>\n<meta property=\"article:modified_time\" content=\"2022-05-03T18:55:23+00:00\" \/>\n<meta property=\"og:image\" content=\"http:\/\/cuidamosdopaiva.com.br\/novosite\/wp-content\/uploads\/2021\/08\/Reserva_do_Paiva_01.jpg\" \/>\n\t<meta property=\"og:image:width\" content=\"1920\" \/>\n\t<meta property=\"og:image:height\" content=\"1078\" \/>\n\t<meta property=\"og:image:type\" content=\"image\/jpeg\" \/>\n<meta name=\"twitter:card\" content=\"summary_large_image\" \/>\n<meta name=\"twitter:label1\" content=\"Est. tempo de leitura\" \/>\n\t<meta name=\"twitter:data1\" content=\"5 minutos\" \/>\n<script type=\"application\/ld+json\" class=\"yoast-schema-graph\">{\"@context\":\"https:\/\/schema.org\",\"@graph\":[{\"@type\":\"WebPage\",\"@id\":\"http:\/\/cuidamosdopaiva.com.br\/novosite\/o-paiva\/\",\"url\":\"http:\/\/cuidamosdopaiva.com.br\/novosite\/o-paiva\/\",\"name\":\"O Paiva - AGRP - Cuidamos do Paiva\",\"isPartOf\":{\"@id\":\"http:\/\/cuidamosdopaiva.com.br\/novosite\/#website\"},\"datePublished\":\"2021-08-27T12:08:07+00:00\",\"dateModified\":\"2022-05-03T18:55:23+00:00\",\"breadcrumb\":{\"@id\":\"http:\/\/cuidamosdopaiva.com.br\/novosite\/o-paiva\/#breadcrumb\"},\"inLanguage\":\"pt-BR\",\"potentialAction\":[{\"@type\":\"ReadAction\",\"target\":[\"http:\/\/cuidamosdopaiva.com.br\/novosite\/o-paiva\/\"]}]},{\"@type\":\"BreadcrumbList\",\"@id\":\"http:\/\/cuidamosdopaiva.com.br\/novosite\/o-paiva\/#breadcrumb\",\"itemListElement\":[{\"@type\":\"ListItem\",\"position\":1,\"name\":\"In\u00edcio\",\"item\":\"http:\/\/cuidamosdopaiva.com.br\/novosite\/\"},{\"@type\":\"ListItem\",\"position\":2,\"name\":\"O Paiva\"}]},{\"@type\":\"WebSite\",\"@id\":\"http:\/\/cuidamosdopaiva.com.br\/novosite\/#website\",\"url\":\"http:\/\/cuidamosdopaiva.com.br\/novosite\/\",\"name\":\"AGRP - Cuidamos do Paiva\",\"description\":\"Site da Associa\u00e7\u00e3o Geral da Reserva do Paiva\",\"publisher\":{\"@id\":\"http:\/\/cuidamosdopaiva.com.br\/novosite\/#organization\"},\"potentialAction\":[{\"@type\":\"SearchAction\",\"target\":{\"@type\":\"EntryPoint\",\"urlTemplate\":\"http:\/\/cuidamosdopaiva.com.br\/novosite\/?s={search_term_string}\"},\"query-input\":\"required name=search_term_string\"}],\"inLanguage\":\"pt-BR\"},{\"@type\":\"Organization\",\"@id\":\"http:\/\/cuidamosdopaiva.com.br\/novosite\/#organization\",\"name\":\"AGRP - Cuidamos do Paiva\",\"url\":\"http:\/\/cuidamosdopaiva.com.br\/novosite\/\",\"logo\":{\"@type\":\"ImageObject\",\"inLanguage\":\"pt-BR\",\"@id\":\"http:\/\/cuidamosdopaiva.com.br\/novosite\/#\/schema\/logo\/image\/\",\"url\":\"http:\/\/cuidamosdopaiva.com.br\/novosite\/wp-content\/uploads\/2021\/07\/logo_AGRP.png\",\"contentUrl\":\"http:\/\/cuidamosdopaiva.com.br\/novosite\/wp-content\/uploads\/2021\/07\/logo_AGRP.png\",\"width\":350,\"height\":276,\"caption\":\"AGRP - Cuidamos do Paiva\"},\"image\":{\"@id\":\"http:\/\/cuidamosdopaiva.com.br\/novosite\/#\/schema\/logo\/image\/\"}}]}<\/script>\n<!-- \/ Yoast SEO plugin. -->","yoast_head_json":{"title":"O Paiva - AGRP - Cuidamos do Paiva","robots":{"index":"index","follow":"follow","max-snippet":"max-snippet:-1","max-image-preview":"max-image-preview:large","max-video-preview":"max-video-preview:-1"},"canonical":"http:\/\/cuidamosdopaiva.com.br\/novosite\/o-paiva\/","og_locale":"pt_BR","og_type":"article","og_title":"O Paiva - AGRP - Cuidamos do Paiva","og_description":"A Reserva do Paiva \u00e9 o primeiro bairro planejado na Regi\u00e3o Metropolitana de Recife. O empreendimento compreende uma \u00e1rea total de 530 hectares, cercado de mata, rio e mar de \u00e1guas mornas, embelezado por recifes de corais. O desenvolvimento do seu projeto considerou como premissa a preserva\u00e7\u00e3o de sua vegeta\u00e7\u00e3o natural, com consider\u00e1vel \u00e1rea de [&hellip;]","og_url":"http:\/\/cuidamosdopaiva.com.br\/novosite\/o-paiva\/","og_site_name":"AGRP - Cuidamos do Paiva","article_modified_time":"2022-05-03T18:55:23+00:00","og_image":[{"width":1920,"height":1078,"url":"http:\/\/cuidamosdopaiva.com.br\/novosite\/wp-content\/uploads\/2021\/08\/Reserva_do_Paiva_01.jpg","type":"image\/jpeg"}],"twitter_card":"summary_large_image","twitter_misc":{"Est. tempo de leitura":"5 minutos"},"schema":{"@context":"https:\/\/schema.org","@graph":[{"@type":"WebPage","@id":"http:\/\/cuidamosdopaiva.com.br\/novosite\/o-paiva\/","url":"http:\/\/cuidamosdopaiva.com.br\/novosite\/o-paiva\/","name":"O Paiva - AGRP - Cuidamos do Paiva","isPartOf":{"@id":"http:\/\/cuidamosdopaiva.com.br\/novosite\/#website"},"datePublished":"2021-08-27T12:08:07+00:00","dateModified":"2022-05-03T18:55:23+00:00","breadcrumb":{"@id":"http:\/\/cuidamosdopaiva.com.br\/novosite\/o-paiva\/#breadcrumb"},"inLanguage":"pt-BR","potentialAction":[{"@type":"ReadAction","target":["http:\/\/cuidamosdopaiva.com.br\/novosite\/o-paiva\/"]}]},{"@type":"BreadcrumbList","@id":"http:\/\/cuidamosdopaiva.com.br\/novosite\/o-paiva\/#breadcrumb","itemListElement":[{"@type":"ListItem","position":1,"name":"In\u00edcio","item":"http:\/\/cuidamosdopaiva.com.br\/novosite\/"},{"@type":"ListItem","position":2,"name":"O Paiva"}]},{"@type":"WebSite","@id":"http:\/\/cuidamosdopaiva.com.br\/novosite\/#website","url":"http:\/\/cuidamosdopaiva.com.br\/novosite\/","name":"AGRP - Cuidamos do Paiva","description":"Site da Associa\u00e7\u00e3o Geral da Reserva do Paiva","publisher":{"@id":"http:\/\/cuidamosdopaiva.com.br\/novosite\/#organization"},"potentialAction":[{"@type":"SearchAction","target":{"@type":"EntryPoint","urlTemplate":"http:\/\/cuidamosdopaiva.com.br\/novosite\/?s={search_term_string}"},"query-input":"required name=search_term_string"}],"inLanguage":"pt-BR"},{"@type":"Organization","@id":"http:\/\/cuidamosdopaiva.com.br\/novosite\/#organization","name":"AGRP - Cuidamos do Paiva","url":"http:\/\/cuidamosdopaiva.com.br\/novosite\/","logo":{"@type":"ImageObject","inLanguage":"pt-BR","@id":"http:\/\/cuidamosdopaiva.com.br\/novosite\/#\/schema\/logo\/image\/","url":"http:\/\/cuidamosdopaiva.com.br\/novosite\/wp-content\/uploads\/2021\/07\/logo_AGRP.png","contentUrl":"http:\/\/cuidamosdopaiva.com.br\/novosite\/wp-content\/uploads\/2021\/07\/logo_AGRP.png","width":350,"height":276,"caption":"AGRP - Cuidamos do Paiva"},"image":{"@id":"http:\/\/cuidamosdopaiva.com.br\/novosite\/#\/schema\/logo\/image\/"}}]}},"_links":{"self":[{"href":"http:\/\/cuidamosdopaiva.com.br\/novosite\/wp-json\/wp\/v2\/pages\/523","targetHints":{"allow":["GET"]}}],"collection":[{"href":"http:\/\/cuidamosdopaiva.com.br\/novosite\/wp-json\/wp\/v2\/pages"}],"about":[{"href":"http:\/\/cuidamosdopaiva.com.br\/novosite\/wp-json\/wp\/v2\/types\/page"}],"author":[{"embeddable":true,"href":"http:\/\/cuidamosdopaiva.com.br\/novosite\/wp-json\/wp\/v2\/users\/1"}],"replies":[{"embeddable":true,"href":"http:\/\/cuidamosdopaiva.com.br\/novosite\/wp-json\/wp\/v2\/comments?post=523"}],"version-history":[{"count":74,"href":"http:\/\/cuidamosdopaiva.com.br\/novosite\/wp-json\/wp\/v2\/pages\/523\/revisions"}],"predecessor-version":[{"id":2411,"href":"http:\/\/cuidamosdopaiva.com.br\/novosite\/wp-json\/wp\/v2\/pages\/523\/revisions\/2411"}],"wp:featuredmedia":[{"embeddable":true,"href":"http:\/\/cuidamosdopaiva.com.br\/novosite\/wp-json\/wp\/v2\/media\/143"}],"wp:attachment":[{"href":"http:\/\/cuidamosdopaiva.com.br\/novosite\/wp-json\/wp\/v2\/media?parent=523"}],"curies":[{"name":"wp","href":"https:\/\/api.w.org\/{rel}","templated":true}]}}